{"id":252871,"date":"2024-12-30T18:26:43","date_gmt":"2024-12-30T17:26:43","guid":{"rendered":"https:\/\/r3i.org\/editoriales-r3i\/editorial-21-04-sindrome-metabolico-y-covid-19\/"},"modified":"2025-02-15T00:46:15","modified_gmt":"2025-02-14T23:46:15","slug":"editorial-21-04-sindrome-metabolico-y-covid-19","status":"publish","type":"page","link":"https:\/\/r3i.org\/es\/editoriales-r3i\/editorial-21-04-sindrome-metabolico-y-covid-19\/","title":{"rendered":"Editorial 21\/04 &#8211; S\u00edndrome metab\u00f3lico y COVID-19"},"content":{"rendered":"<p>[et_pb_section fb_built=\u00bb1&#8243; admin_label=\u00bbHeader\u00bb _builder_version=\u00bb4.27.4&#8243; _module_preset=\u00bb35f37621-1062-4ae6-955d-76a3167a2aa8&#8243; background_image=\u00bbhttps:\/\/r3i.org\/wp-content\/uploads\/2024\/12\/pexels-pixabay-267582.jpg\u00bb parallax=\u00bbon\u00bb min_height=\u00bb157.9px\u00bb min_height_tablet=\u00bb100px\u00bb min_height_phone=\u00bb100px\u00bb min_height_last_edited=\u00bbon|phone\u00bb height=\u00bb116px\u00bb height_tablet=\u00bb153px\u00bb height_phone=\u00bb130px\u00bb height_last_edited=\u00bbon|phone\u00bb custom_margin_tablet=\u00bb\u00bb custom_margin_phone=\u00bb-17px||||false|false\u00bb custom_margin_last_edited=\u00bbon|phone\u00bb custom_padding=\u00bb0vw||0vw||true|false\u00bb collapsed=\u00bbon\u00bb global_colors_info=\u00bb{%22gcid-primary-color%22:%91%22quote_text_color%22,%22background_color_gradient_stops%22%93}\u00bb][et_pb_row _builder_version=\u00bb4.27.4&#8243; _module_preset=\u00bbdefault\u00bb global_colors_info=\u00bb{}\u00bb][et_pb_column type=\u00bb4_4&#8243; _builder_version=\u00bb4.27.0&#8243; _module_preset=\u00bbdefault\u00bb global_colors_info=\u00bb{}\u00bb][et_pb_text _builder_version=\u00bb4.27.4&#8243; _module_preset=\u00bbdefault\u00bb text_text_color=\u00bb#FFFFFF\u00bb header_2_text_color=\u00bb#FFFFFF\u00bb custom_padding=\u00bb1px|||||\u00bb global_colors_info=\u00bb{}\u00bb]<\/p>\n<h2>Editoriales R3i<\/h2>\n<p>[\/et_pb_text][\/et_pb_column][\/et_pb_row][\/et_pb_section][et_pb_section fb_built=\u00bb1&#8243; _builder_version=\u00bb4.27.3&#8243; _module_preset=\u00bbdefault\u00bb custom_margin=\u00bb-49px|||||\u00bb custom_padding=\u00bb2px||40px|||\u00bb global_colors_info=\u00bb{}\u00bb][et_pb_row column_structure=\u00bb1_2,1_2&#8243; _builder_version=\u00bb4.27.4&#8243; _module_preset=\u00bbdefault\u00bb border_radii=\u00bboff|13px|13px|13px|13px\u00bb border_width_all=\u00bb4px\u00bb border_color_all=\u00bbgcid-b673dc17-1b2a-464e-affa-1bf1ab41c0fd\u00bb border_width_all_tablet=\u00bb4px\u00bb border_width_all_phone=\u00bb0px\u00bb border_width_all_last_edited=\u00bbon|phone\u00bb border_color_all_tablet=\u00bbgcid-b673dc17-1b2a-464e-affa-1bf1ab41c0fd\u00bb border_color_all_phone=\u00bbgcid-b673dc17-1b2a-464e-affa-1bf1ab41c0fd\u00bb border_color_all_last_edited=\u00bbon|phone\u00bb box_shadow_style=\u00bbpreset2&#8243; global_colors_info=\u00bb{%22gcid-b673dc17-1b2a-464e-affa-1bf1ab41c0fd%22:%91%22border_color_all%22%93}\u00bb][et_pb_column type=\u00bb1_2&#8243; _builder_version=\u00bb4.27.4&#8243; _module_preset=\u00bbdefault\u00bb global_colors_info=\u00bb{}\u00bb][et_pb_text _builder_version=\u00bb4.27.4&#8243; _module_preset=\u00bbdefault\u00bb text_font_size=\u00bb14px\u00bb header_5_text_color=\u00bbgcid-4907c8d4-9eff-49de-91ce-43a2d3a729cf\u00bb header_6_text_color=\u00bbgcid-secondary-color\u00bb global_colors_info=\u00bb{%22gcid-primary-color%22:%91%22quote_text_color%22,%22quote_text_color%22,%22quote_text_color%22%93,%22gcid-4907c8d4-9eff-49de-91ce-43a2d3a729cf%22:%91%22header_5_text_color%22%93,%22gcid-secondary-color%22:%91%22header_6_text_color%22%93}\u00bb inline_fonts=\u00bbAbyssinica SIL\u00bb]<\/p>\n<h5 style=\"text-align: center;\"><span style=\"font-family: 'Abyssinica SIL'; font-weight: normal; font-size: small;\">Abril 2021<\/span><\/h5>\n<h5 style=\"text-align: center;\"><span>S\u00edndrome metab\u00f3lico y COVID-19<\/span><\/h5>\n<h6 style=\"text-align: center;\"><span lang=\"EN-GB\">Prof. Jean-Charles Fruchart, Prof. Michel Hermans, Prof. Pierre Amarenco<\/span><\/h6>\n<p>Desde los primeros casos de infecci\u00f3n por SARS-CoV-2 asociados con la enfermedad respiratoria grave de COVID-19 en Wuhan, China, el mundo ha estado atravesando momentos singularmente inciertos. El r\u00e1pido surgimiento de esta pandemia ha suscitado investigaciones intensivas de los principales factores de riesgo, las estrategias de atenci\u00f3n y tratamientos terap\u00e9uticos innovadores para el COVID-19 grave.<\/p>\n<p>Uno de los \u00e9nfasis principales de los estudios ha sido el riesgo que plantean los factores metab\u00f3licos, respaldados por evidencia de que las personas obesas o con diabetes tienen un riesgo mayor de desenlaces adversos relacionados con el COVID-19 1,2. Tanto la obesidad como la diabetes suponen un mayor riesgo de mortalidad relacionada con el COVID-19 3,4, que se ve acentuado adem\u00e1s por la edad 4,5. Dado que la disfunci\u00f3n metab\u00f3lica subyacente \u2014representada por el s\u00edndrome metab\u00f3lico\u2014 es com\u00fan entre los pacientes obesos o diab\u00e9ticos, es prioritario identificar cu\u00e1les de estos factores est\u00e1n vinculados con los desenlaces adversos.<\/p>\n<p>La dislipidemia ha sido un elemento al cual prestarle atenci\u00f3n, puesto que se han presentado datos que indican disminuciones en el colesterol total, el colesterol de lipoprote\u00edna de baja densidad (C-LDL) y el colesterol de lipoprote\u00edna de alta densidad (C-HDL), junto con efectos variables en los triglic\u00e9ridos, en pacientes con COVID-19 grave 6,7. Para profundizar esta investigaci\u00f3n, Hilser y colegas estudiaron si los niveles previos a la infecci\u00f3n de C-HDL y triglic\u00e9ridos tienen un rol causal en las consecuencias del COVID-19, con datos de UK Biobank 8. Como se analiz\u00f3 en el art\u00edculo de Enfoque de este mes, los niveles de C-HDL previos a la infecci\u00f3n parec\u00edan tener un efecto protector del riesgo de infecci\u00f3n grave, con un aumento de 10 mg\/dl en los niveles de C-HDL (a partir de la mediana) asociado con ~10 % de reducci\u00f3n del riesgo de infecci\u00f3n por SARS-CoV-2. El riesgo de mortalidad por COVID-19 tambi\u00e9n era superior con niveles de C-HDL m\u00e1s bajos antes de la infecci\u00f3n. No obstante, no hab\u00eda relaci\u00f3n entre los niveles de triglic\u00e9ridos previos a la infecci\u00f3n y el riesgo de COVID-19 grave 8, en comparaci\u00f3n con otros informes 9.<\/p>\n<p>[\/et_pb_text][\/et_pb_column][et_pb_column type=\u00bb1_2&#8243; _builder_version=\u00bb4.27.4&#8243; _module_preset=\u00bbdefault\u00bb global_colors_info=\u00bb{}\u00bb][et_pb_text _builder_version=\u00bb4.27.4&#8243; _module_preset=\u00bbdefault\u00bb text_text_color=\u00bbgcid-4907c8d4-9eff-49de-91ce-43a2d3a729cf\u00bb text_font_size=\u00bb14px\u00bb global_colors_info=\u00bb{%22gcid-primary-color%22:%91%22quote_text_color%22,%22quote_text_color%22,%22quote_text_color%22%93,%22gcid-4907c8d4-9eff-49de-91ce-43a2d3a729cf%22:%91%22text_text_color%22%93}\u00bb]<\/p>\n<p>\u00bfEl efecto protector de la concentraci\u00f3n m\u00e1s elevada de C-HDL es causal? Con un dise\u00f1o con aleatorizaci\u00f3n mendeliana, Hisler y colegas no lograron demostrar ninguna asociaci\u00f3n entre los niveles de C HDL m\u00e1s elevados gen\u00e9ticamente y el riesgo de infecci\u00f3n por SARS-CoV-2 8. Sin embargo, hay respaldo s\u00f3lido de otros estudios que involucran muestras mucho m\u00e1s amplias que muestran una relaci\u00f3n causal entre el C-HDL y la infecci\u00f3n (10,11). Por cierto, estos resultados est\u00e1n en sinton\u00eda con el conocimiento actual de la funcionalidad inmunoinflamatoria de la HDL 12 y su rol en la modulaci\u00f3n de la inmunidad innata y adaptativa para aumentar la resistencia a la infecci\u00f3n viral y los efectos antivirales, incluso contra el SARS-CoV-2 (12-14).<\/p>\n<p>La posible vinculaci\u00f3n de los triglic\u00e9ridos con el riesgo de COVID-19 grave justifica estudios adicionales.<\/p>\n<p>Con el avance de esta pandemia, se ha hecho evidente que las particularidades del s\u00edndrome metab\u00f3lico, incluida la obesidad y la disglucemia, predisponen a un aumento del riesgo de complicaciones graves de COVID-19. La pandemia de la obesidad y la diabetes son, por tanto, causales de desenlaces adversos del COVID-19, con consecuencias devastadoras para las personas, los sistemas sanitarios y las sociedades. Dado lo que ya se sabe sobre los or\u00edgenes \u00e9tnicos, la precariedad econ\u00f3mica y la susceptibilidad a enfermedad cardiometab\u00f3lica, no es sorprendente que el riesgo de infecci\u00f3n por SARS-CoV-2 y COVID-19 grave sea mayor entre la minor\u00eda \u00e9tnica y los grupos socioecon\u00f3micos m\u00e1s vulnerables. Con esta \u00abtormenta perfecta\u00bb magnificada por la crisis en la salud p\u00fablica suscitada por el COVID-19, es prioritario tomar medidas urgentes para abordar disparidades existentes en la prevalencia y las consecuencias de la diabetes tipo 2, la obesidad y el s\u00edndrome metab\u00f3lico.<\/p>\n<p>[\/et_pb_text][et_pb_text _builder_version=\u00bb4.27.4&#8243; _module_preset=\u00bbdefault\u00bb text_font_size=\u00bb8px\u00bb global_colors_info=\u00bb{}\u00bb]<\/p>\n<p style=\"font-weight: 400;\"><strong>Referencias<\/strong><\/p>\n<ol>\n<li style=\"font-weight: 400;\">Apicella M, Campopiano MC, Mantuano M, et al. COVID-19 in people with diabetes: understanding the reasons for worse outcomes. Lancet Diabetes Endocrinol 2020;8:782\u201392.<br \/>2. Centers for Disease Control and Prevention. COVID-19: People with Certain Medical Conditions <a href=\"https:\/\/www.cdc.gov\/coronavirus\/2019-ncov\/need-extra-precautions\/people-with-medical-conditions.html\" rel=\"nofollow\">https:\/\/www.cdc.gov\/coronavirus\/2019-ncov\/need-extra-precautions\/people-with-medical-conditions.html<\/a>. (19 de marzo de 2021)<br \/>3. Tartof SY, Qian L, Hong V, et al. Obesity and mortality among patients diagnosed with COVID-19: results from an integrated health care organization. Ann Intern Med 2020;173:773\u201381.<br \/>4. Barron E, Bakhai C, Kar P, et al. Associations of type 1 and type 2 diabetes with COVID-19-related mortality in England: a whole-population study. Lancet Diabetes Endocrinol 2020;8:813-22.<br \/>5. Holman N, Knighton P, Kar P, et al. Risk factors for COVID-19-related mortality in people with type 1 and type 2 diabetes in England: a population-based cohort study. Lancet Diabetes Endocrinol 2020;8:823-833.<br \/>6. Tanaka S, De Tymowski C, Assadi M, et al. Lipoprotein concentrations over time in the intensive care unit COVID-19 patients: Results from the ApoCOVID study. PLoS One 2020;15:e0239573.<br \/>7. Wei X, Zeng W, Su J, et al. Hypolipidemia is associated with the severity of COVID-19 2020. J Clin Lipidol 14: 297-304.<br \/>8. Hilser JR, Han Y, Biswas S et al. Association of serum HDL cholesterol and apolipoprotein A1 levels with risk of severe SARS-CoV-2 infection. J Lipid Res 2021; doi: 10.1016\/j.jlr.2021.100061.<br \/>9. Zhang Y, Yang H, Li S, et al. Association analysis framework of genetic and exposure risks for COVID-19 in middle-aged and elderly adults. Mech Ageing Dev 2021;194: 111433.<br \/>10. Madsen CM, Varbo A, Tybjaerg-Hansen A, et al. U-shaped relationship of HDL and risk of infectious disease: two prospective population-based cohort studies. Eur Heart J 2018;9:1181-90.<br \/>11. Trinder M, Walley KR, Boyd JH, Brunham LR. Causal inference for genetically determined levels of high-density lipoprotein cholesterol and risk of infectious disease. Arterioscler Thromb Vasc Biol 2020;40: 267-78.<br \/>12. Catapano AL, Pirillo A, Bonacina F, et al. HDL in innate and adaptive immunity. Cardiovascular Res 2014;103: 372-83.<br \/>13. Singh IP, Chopra AK, Coppenhaver DH, Ananatharamaiah GM, Baron S. Lipoproteins account for part of the broad non-specific antiviral activity of human serum. Antiviral Res 1999;42:211-8.<br \/>14. Cho KH, Kim JR, Lee IC, Kwon HJ. Native high-density lipoproteins (HDL) with higher paraoxonase exerts a potent antiviral effect against SARS-CoV-2 (COVID-19), while glycated HDL lost the antiviral activity. Antioxidants (Basel) 2021;102:209.<\/li>\n<\/ol>\n<p>[\/et_pb_text][\/et_pb_column][\/et_pb_row][\/et_pb_section]<\/p>\n","protected":false},"excerpt":{"rendered":"<p>Editoriales R3iAbril 2021 S\u00edndrome metab\u00f3lico y COVID-19 Prof. Jean-Charles Fruchart, Prof. Michel Hermans, Prof. Pierre Amarenco Desde los primeros casos de infecci\u00f3n por SARS-CoV-2 asociados con la enfermedad respiratoria grave de COVID-19 en Wuhan, China, el mundo ha estado atravesando momentos singularmente inciertos. El r\u00e1pido surgimiento de esta pandemia ha suscitado investigaciones intensivas de los [&hellip;]<\/p>\n","protected":false},"author":258497324,"featured_media":0,"parent":252805,"menu_order":0,"comment_status":"closed","ping_status":"closed","template":"","meta":{"_et_pb_use_builder":"on","_et_pb_old_content":"","_et_gb_content_width":"","_crdt_document":"","jetpack_post_was_ever_published":false,"footnotes":""},"class_list":["post-252871","page","type-page","status-publish","hentry"],"yoast_head":"<!-- This site is optimized with the Yoast SEO plugin v27.2 - https:\/\/yoast.com\/product\/yoast-seo-wordpress\/ -->\n<title>Editorial 21\/04 - S\u00edndrome metab\u00f3lico y COVID-19 - R3I<\/title>\n<meta name=\"robots\" content=\"index, follow, max-snippet:-1, max-image-preview:large, max-video-preview:-1\" \/>\n<link rel=\"canonical\" href=\"https:\/\/r3i.org\/es\/editoriales-r3i\/editorial-21-04-sindrome-metabolico-y-covid-19\/\" \/>\n<meta property=\"og:locale\" content=\"es_ES\" \/>\n<meta property=\"og:type\" content=\"article\" \/>\n<meta property=\"og:title\" content=\"Editorial 21\/04 - S\u00edndrome metab\u00f3lico y COVID-19 - R3I\" \/>\n<meta property=\"og:description\" content=\"Editoriales R3iAbril 2021 S\u00edndrome metab\u00f3lico y COVID-19 Prof. Jean-Charles Fruchart, Prof. Michel Hermans, Prof. Pierre Amarenco Desde los primeros casos de infecci\u00f3n por SARS-CoV-2 asociados con la enfermedad respiratoria grave de COVID-19 en Wuhan, China, el mundo ha estado atravesando momentos singularmente inciertos. El r\u00e1pido surgimiento de esta pandemia ha suscitado investigaciones intensivas de los [&hellip;]\" \/>\n<meta property=\"og:url\" content=\"https:\/\/r3i.org\/es\/editoriales-r3i\/editorial-21-04-sindrome-metabolico-y-covid-19\/\" \/>\n<meta property=\"og:site_name\" content=\"R3I\" \/>\n<meta property=\"article:modified_time\" content=\"2025-02-14T23:46:15+00:00\" \/>\n<meta name=\"twitter:card\" content=\"summary_large_image\" \/>\n<meta name=\"twitter:label1\" content=\"Tiempo de lectura\" \/>\n\t<meta name=\"twitter:data1\" content=\"8 minutos\" \/>\n<script type=\"application\/ld+json\" class=\"yoast-schema-graph\">{\"@context\":\"https:\/\/schema.org\",\"@graph\":[{\"@type\":\"WebPage\",\"@id\":\"https:\/\/r3i.org\/es\/editoriales-r3i\/editorial-21-04-sindrome-metabolico-y-covid-19\/\",\"url\":\"https:\/\/r3i.org\/es\/editoriales-r3i\/editorial-21-04-sindrome-metabolico-y-covid-19\/\",\"name\":\"Editorial 21\/04 - S\u00edndrome metab\u00f3lico y COVID-19 - R3I\",\"isPartOf\":{\"@id\":\"https:\/\/r3i.org\/es\/#website\"},\"datePublished\":\"2024-12-30T17:26:43+00:00\",\"dateModified\":\"2025-02-14T23:46:15+00:00\",\"breadcrumb\":{\"@id\":\"https:\/\/r3i.org\/es\/editoriales-r3i\/editorial-21-04-sindrome-metabolico-y-covid-19\/#breadcrumb\"},\"inLanguage\":\"es\",\"potentialAction\":[{\"@type\":\"ReadAction\",\"target\":[\"https:\/\/r3i.org\/es\/editoriales-r3i\/editorial-21-04-sindrome-metabolico-y-covid-19\/\"]}]},{\"@type\":\"BreadcrumbList\",\"@id\":\"https:\/\/r3i.org\/es\/editoriales-r3i\/editorial-21-04-sindrome-metabolico-y-covid-19\/#breadcrumb\",\"itemListElement\":[{\"@type\":\"ListItem\",\"position\":1,\"name\":\"Home\",\"item\":\"https:\/\/r3i.org\/es\/\"},{\"@type\":\"ListItem\",\"position\":2,\"name\":\"Editoriales R3i\",\"item\":\"https:\/\/r3i.org\/es\/editoriales-r3i\/\"},{\"@type\":\"ListItem\",\"position\":3,\"name\":\"Editorial 21\/04 &#8211; S\u00edndrome metab\u00f3lico y COVID-19\"}]},{\"@type\":\"WebSite\",\"@id\":\"https:\/\/r3i.org\/es\/#website\",\"url\":\"https:\/\/r3i.org\/es\/\",\"name\":\"R3I\",\"description\":\"Residual Risk Reduction Initiative\",\"publisher\":{\"@id\":\"https:\/\/r3i.org\/es\/#organization\"},\"potentialAction\":[{\"@type\":\"SearchAction\",\"target\":{\"@type\":\"EntryPoint\",\"urlTemplate\":\"https:\/\/r3i.org\/es\/?s={search_term_string}\"},\"query-input\":{\"@type\":\"PropertyValueSpecification\",\"valueRequired\":true,\"valueName\":\"search_term_string\"}}],\"inLanguage\":\"es\"},{\"@type\":\"Organization\",\"@id\":\"https:\/\/r3i.org\/es\/#organization\",\"name\":\"R3I\",\"url\":\"https:\/\/r3i.org\/es\/\",\"logo\":{\"@type\":\"ImageObject\",\"inLanguage\":\"es\",\"@id\":\"https:\/\/r3i.org\/es\/#\/schema\/logo\/image\/\",\"url\":\"https:\/\/i0.wp.com\/r3i.org\/wp-content\/uploads\/2024\/11\/r3i-logo-transp-1.png?fit=1601%2C834&ssl=1\",\"contentUrl\":\"https:\/\/i0.wp.com\/r3i.org\/wp-content\/uploads\/2024\/11\/r3i-logo-transp-1.png?fit=1601%2C834&ssl=1\",\"width\":1601,\"height\":834,\"caption\":\"R3I\"},\"image\":{\"@id\":\"https:\/\/r3i.org\/es\/#\/schema\/logo\/image\/\"}}]}<\/script>\n<!-- \/ Yoast SEO plugin. -->","yoast_head_json":{"title":"Editorial 21\/04 - S\u00edndrome metab\u00f3lico y COVID-19 - R3I","robots":{"index":"index","follow":"follow","max-snippet":"max-snippet:-1","max-image-preview":"max-image-preview:large","max-video-preview":"max-video-preview:-1"},"canonical":"https:\/\/r3i.org\/es\/editoriales-r3i\/editorial-21-04-sindrome-metabolico-y-covid-19\/","og_locale":"es_ES","og_type":"article","og_title":"Editorial 21\/04 - S\u00edndrome metab\u00f3lico y COVID-19 - R3I","og_description":"Editoriales R3iAbril 2021 S\u00edndrome metab\u00f3lico y COVID-19 Prof. Jean-Charles Fruchart, Prof. Michel Hermans, Prof. Pierre Amarenco Desde los primeros casos de infecci\u00f3n por SARS-CoV-2 asociados con la enfermedad respiratoria grave de COVID-19 en Wuhan, China, el mundo ha estado atravesando momentos singularmente inciertos. El r\u00e1pido surgimiento de esta pandemia ha suscitado investigaciones intensivas de los [&hellip;]","og_url":"https:\/\/r3i.org\/es\/editoriales-r3i\/editorial-21-04-sindrome-metabolico-y-covid-19\/","og_site_name":"R3I","article_modified_time":"2025-02-14T23:46:15+00:00","twitter_card":"summary_large_image","twitter_misc":{"Tiempo de lectura":"8 minutos"},"schema":{"@context":"https:\/\/schema.org","@graph":[{"@type":"WebPage","@id":"https:\/\/r3i.org\/es\/editoriales-r3i\/editorial-21-04-sindrome-metabolico-y-covid-19\/","url":"https:\/\/r3i.org\/es\/editoriales-r3i\/editorial-21-04-sindrome-metabolico-y-covid-19\/","name":"Editorial 21\/04 - S\u00edndrome metab\u00f3lico y COVID-19 - R3I","isPartOf":{"@id":"https:\/\/r3i.org\/es\/#website"},"datePublished":"2024-12-30T17:26:43+00:00","dateModified":"2025-02-14T23:46:15+00:00","breadcrumb":{"@id":"https:\/\/r3i.org\/es\/editoriales-r3i\/editorial-21-04-sindrome-metabolico-y-covid-19\/#breadcrumb"},"inLanguage":"es","potentialAction":[{"@type":"ReadAction","target":["https:\/\/r3i.org\/es\/editoriales-r3i\/editorial-21-04-sindrome-metabolico-y-covid-19\/"]}]},{"@type":"BreadcrumbList","@id":"https:\/\/r3i.org\/es\/editoriales-r3i\/editorial-21-04-sindrome-metabolico-y-covid-19\/#breadcrumb","itemListElement":[{"@type":"ListItem","position":1,"name":"Home","item":"https:\/\/r3i.org\/es\/"},{"@type":"ListItem","position":2,"name":"Editoriales R3i","item":"https:\/\/r3i.org\/es\/editoriales-r3i\/"},{"@type":"ListItem","position":3,"name":"Editorial 21\/04 &#8211; S\u00edndrome metab\u00f3lico y COVID-19"}]},{"@type":"WebSite","@id":"https:\/\/r3i.org\/es\/#website","url":"https:\/\/r3i.org\/es\/","name":"R3I","description":"Residual Risk Reduction Initiative","publisher":{"@id":"https:\/\/r3i.org\/es\/#organization"},"potentialAction":[{"@type":"SearchAction","target":{"@type":"EntryPoint","urlTemplate":"https:\/\/r3i.org\/es\/?s={search_term_string}"},"query-input":{"@type":"PropertyValueSpecification","valueRequired":true,"valueName":"search_term_string"}}],"inLanguage":"es"},{"@type":"Organization","@id":"https:\/\/r3i.org\/es\/#organization","name":"R3I","url":"https:\/\/r3i.org\/es\/","logo":{"@type":"ImageObject","inLanguage":"es","@id":"https:\/\/r3i.org\/es\/#\/schema\/logo\/image\/","url":"https:\/\/i0.wp.com\/r3i.org\/wp-content\/uploads\/2024\/11\/r3i-logo-transp-1.png?fit=1601%2C834&ssl=1","contentUrl":"https:\/\/i0.wp.com\/r3i.org\/wp-content\/uploads\/2024\/11\/r3i-logo-transp-1.png?fit=1601%2C834&ssl=1","width":1601,"height":834,"caption":"R3I"},"image":{"@id":"https:\/\/r3i.org\/es\/#\/schema\/logo\/image\/"}}]}},"jetpack_likes_enabled":true,"jetpack_sharing_enabled":true,"jetpack_shortlink":"https:\/\/wp.me\/Pgbfv2-13Mz","jetpack-related-posts":[],"_links":{"self":[{"href":"https:\/\/r3i.org\/es\/wp-json\/wp\/v2\/pages\/252871","targetHints":{"allow":["GET"]}}],"collection":[{"href":"https:\/\/r3i.org\/es\/wp-json\/wp\/v2\/pages"}],"about":[{"href":"https:\/\/r3i.org\/es\/wp-json\/wp\/v2\/types\/page"}],"author":[{"embeddable":true,"href":"https:\/\/r3i.org\/es\/wp-json\/wp\/v2\/users\/258497324"}],"replies":[{"embeddable":true,"href":"https:\/\/r3i.org\/es\/wp-json\/wp\/v2\/comments?post=252871"}],"version-history":[{"count":3,"href":"https:\/\/r3i.org\/es\/wp-json\/wp\/v2\/pages\/252871\/revisions"}],"predecessor-version":[{"id":253495,"href":"https:\/\/r3i.org\/es\/wp-json\/wp\/v2\/pages\/252871\/revisions\/253495"}],"up":[{"embeddable":true,"href":"https:\/\/r3i.org\/es\/wp-json\/wp\/v2\/pages\/252805"}],"wp:attachment":[{"href":"https:\/\/r3i.org\/es\/wp-json\/wp\/v2\/media?parent=252871"}],"curies":[{"name":"wp","href":"https:\/\/api.w.org\/{rel}","templated":true}]}}